{"id":52,"date":"2014-01-11T23:13:49","date_gmt":"2014-01-11T23:13:49","guid":{"rendered":"https:\/\/iafgh.cat\/?page_id=52"},"modified":"2023-07-10T11:13:49","modified_gmt":"2023-07-10T11:13:49","slug":"revista-armoria","status":"publish","type":"page","link":"https:\/\/iafgh.cat\/?page_id=52","title":{"rendered":"Revista Armoria"},"content":{"rendered":"\n<div class=\"wp-block-group\"><div class=\"wp-block-group__inner-container is-layout-flow wp-block-group-is-layout-flow\">\n<div class=\"wp-block-group\"><div class=\"wp-block-group__inner-container is-layout-flow wp-block-group-is-layout-flow\">\n<div class=\"wp-block-media-text alignwide is-stacked-on-mobile\" style=\"grid-template-columns:15% auto\"><figure class=\"wp-block-media-text__media\"><img loading=\"lazy\" decoding=\"async\" width=\"733\" height=\"1024\" src=\"https:\/\/iafgh.cat\/wp-content\/uploads\/2021\/10\/Coberta-Armoria8-733x1024.jpg\" alt=\"\" class=\"wp-image-2091 size-full\" srcset=\"https:\/\/iafgh.cat\/wp-content\/uploads\/2021\/10\/Coberta-Armoria8-733x1024.jpg 733w, https:\/\/iafgh.cat\/wp-content\/uploads\/2021\/10\/Coberta-Armoria8-215x300.jpg 215w, https:\/\/iafgh.cat\/wp-content\/uploads\/2021\/10\/Coberta-Armoria8-768x1073.jpg 768w, https:\/\/iafgh.cat\/wp-content\/uploads\/2021\/10\/Coberta-Armoria8-1099x1536.jpg 1099w, https:\/\/iafgh.cat\/wp-content\/uploads\/2021\/10\/Coberta-Armoria8-1465x2048.jpg 1465w, https:\/\/iafgh.cat\/wp-content\/uploads\/2021\/10\/Coberta-Armoria8-1240x1733.jpg 1240w, https:\/\/iafgh.cat\/wp-content\/uploads\/2021\/10\/Coberta-Armoria8-508x710.jpg 508w, https:\/\/iafgh.cat\/wp-content\/uploads\/2021\/10\/Coberta-Armoria8-scaled.jpg 1832w\" sizes=\"auto, (max-width: 733px) 100vw, 733px\" \/><\/figure><div class=\"wp-block-media-text__content\">\n<p><a href=\"https:\/\/raco.cat\/index.php\/Armoria\/issue\/archive\" target=\"_blank\" rel=\"noreferrer noopener\">Revistes Armoria de la ICGenHer<\/a><\/p>\n<\/div><\/div>\n<\/div><\/div>\n<\/div><\/div>\n\n\n\n<p>Revista d\u2019informaci\u00f3, an\u00e0lisis i recerca de la genealogia i l\u2019her\u00e0ldica, aix\u00ed com tamb\u00e9 de la vexil\u00b7lologia, la sigil\u00b7lografia, la insigni\u00e0ria, la nobili\u00e0ria i l\u2019emblem\u00e0tica general, preferentment en l\u2019\u00e0mbit geogr\u00e0fic i cultural catal\u00e0.<\/p>\n\n\n\n<p>Impr\u00e8s; ISSN: 2014-7228<br>En l\u00ednia; ISSN: 2696-0966<br>Dip\u00f2sit legal: b.20327-2012<\/p>\n\n\n\n<p><\/p>\n\n\n\n<p><strong>Normes per la presentaci\u00f3 de treballs a la revista <em>Armoria<\/em><\/strong>:<\/p>\n\n\n\n<p>&#8211;&nbsp;&nbsp;&nbsp;&nbsp;&nbsp;&nbsp; Els treballs poden ser en catal\u00e0, castell\u00e0, alemany, itali\u00e0, franc\u00e8s i angl\u00e8s, tindran una extensi\u00f3 m\u00e0xima de 50.000 espais, un nombre raonable d\u2019imatges o dibuixos i han d\u2019anar acompanyats de:<\/p>\n\n\n\n<p>&#8211;&nbsp;&nbsp;&nbsp;&nbsp;&nbsp; un resum de com a m\u00e0xim 6 l\u00ednies en la mateixa llengua que el treball pr\u00f2piament dit;<\/p>\n\n\n\n<p>&#8211;&nbsp;&nbsp;&nbsp;&nbsp;&nbsp; entre tres i sis paraules clau;<\/p>\n\n\n\n<p>&#8211;&nbsp;&nbsp;&nbsp;&nbsp;&nbsp; una traducci\u00f3 al castell\u00e0, franc\u00e8s o a l\u2019angl\u00e8s del t\u00edtol de l\u2019article, del resum i de les paraules clau.<\/p>\n\n\n\n<p>Les imatges han de ser enviades en format digital JPEG o TIFF. Les fotografies en blanc i negre han de tenir una resoluci\u00f3 de, com a m\u00ednim, 300 dpi; els dibuixos i els mapes han de tenir una resoluci\u00f3 de, com a m\u00ednim, 1200 dpi.<\/p>\n\n\n\n<p><strong>Normes de citaci\u00f3:<\/strong><\/p>\n\n\n\n<ul class=\"wp-block-list\">\n<li><strong>Llibres<\/strong>: inicial del nom de l\u2019autor seguida d\u2019un punt i cognom en Versals, t\u00edtol en<em> cursiva, <\/em>s\u00e8rie i n\u00famero sense coma entre par\u00e8ntesis, lloc i any d\u2019edici\u00f3 sense coma, n\u00famero de p\u00e0gines 0-00<\/li>\n<\/ul>\n\n\n\n<p><strong>Articles de revistes<\/strong>: inicial del nom de l\u2019autor seguit d\u2019un punt i cognoms en Versals, \u00abT\u00edtol de l\u2019article entre cometes\u00bb, <em>T\u00edtol de la revista en cursiva <\/em>(segons les normes de <em>L\u2019Ann\u00e9e Philologique<\/em> o de l\u2019<em>Arch\u00e4ologische Bibliographie<\/em>, vegin-se les abreviatures a la p\u00e0gina <a href=\"http:\/\/www.dainst.de\"><em>www.dainst.de<\/em><\/a>), n\u00famero, any, p\u00e0gines 0-00<\/p>\n\n\n\n<p>(ex.: G. Colonna, \u00abLa citt\u00e0 di Remo\u00bb, a <em>ACl<\/em> 56, 2005, pp. 1-31)<\/p>\n\n\n\n<p><strong>Contribucions en obres col\u00b7lectives<\/strong>: inicial del nom de l\u2019autor seguit d\u2019un punt i cognom en Versals, \u00abT\u00edtol del cap\u00edtol o de la contribuci\u00f3 entre cometes\u00bb, inicial del nom de l\u2019editor seguit d\u2019un punt i cognom en Versales, <em>T\u00edtol de l\u2019obra en cursiva, <\/em>s\u00e8rie i n\u00famero sense coma entre par\u00e8ntesis, lloc i any d\u2019edici\u00f3, n\u00fameros de p\u00e0gina 0-00<\/p>\n\n\n\n<p>(es.: G. Paci, \u00abRomanizzazione e produzione epigrafica in area medio-adriatica\u00bb, a F. Beltr\u00e1n Lloris (ed.), <em>Roma y el nacimiento de la cultura epigr\u00e1fica en occidente<\/em>, Saragossa 1995, pp. 31-47)<\/p>\n\n\n\n<p><strong>Citacions<\/strong> <strong>repetides<\/strong>: cognom de l\u2019autor en Versals i part del t\u00edtol seguit de punts suspensius, <em>cit<\/em>., n\u00fameros de p\u00e0gina 0-00<\/p>\n\n\n\n<p>(ex.: Walter, Memoria<em> und <\/em>res publica&#8230;, pp. 5-23; Paci, \u00abRomanizzazione e produzione epigrafica&#8230;\u00bb, <em>cit<\/em>., pp. 33-34)<\/p>\n\n\n\n<p><strong>Citacions d\u2019autors antics<\/strong>: per als autors llatins es faran servir les abreviatures del <em>Thesaurus linguae Latinae <\/em>i per als autors grecs, les del <em>Greek-English Lexicon <\/em>de Liddell-Scott<\/p>\n\n\n\n<p>&#8211;&nbsp;&nbsp;&nbsp;&nbsp;&nbsp;&nbsp;&nbsp;&nbsp;&nbsp;&nbsp;&nbsp;&nbsp;&nbsp; Els treballs seran enviats en suport inform\u00e0tic.<\/p>\n","protected":false},"excerpt":{"rendered":"<p>Revistes Armoria de la ICGenHer Revista d\u2019informaci\u00f3, an\u00e0lisis i recerca de la genealogia i l\u2019her\u00e0ldica, aix\u00ed com tamb\u00e9 de la vexil\u00b7lologia, la sigil\u00b7lografia, la insigni\u00e0ria, la nobili\u00e0ria i l\u2019emblem\u00e0tica general, preferentment en l\u2019\u00e0mbit geogr\u00e0fic i cultural catal\u00e0. Impr\u00e8s; ISSN: 2014-7228En l\u00ednia; ISSN: 2696-0966Dip\u00f2sit legal: b.20327-2012 Normes per la presentaci\u00f3 de treballs a la revista Armoria: &#8230;<\/p>\n<p><a href=\"https:\/\/iafgh.cat\/?page_id=52\" class=\"more-link\">More <span class=\"meta-nav\">&rarr;<\/span><\/a><\/p>\n","protected":false},"author":1,"featured_media":0,"parent":0,"menu_order":0,"comment_status":"closed","ping_status":"open","template":"","meta":{"footnotes":""},"class_list":["post-52","page","type-page","status-publish","hentry"],"_links":{"self":[{"href":"https:\/\/iafgh.cat\/index.php?rest_route=\/wp\/v2\/pages\/52","targetHints":{"allow":["GET"]}}],"collection":[{"href":"https:\/\/iafgh.cat\/index.php?rest_route=\/wp\/v2\/pages"}],"about":[{"href":"https:\/\/iafgh.cat\/index.php?rest_route=\/wp\/v2\/types\/page"}],"author":[{"embeddable":true,"href":"https:\/\/iafgh.cat\/index.php?rest_route=\/wp\/v2\/users\/1"}],"replies":[{"embeddable":true,"href":"https:\/\/iafgh.cat\/index.php?rest_route=%2Fwp%2Fv2%2Fcomments&post=52"}],"version-history":[{"count":56,"href":"https:\/\/iafgh.cat\/index.php?rest_route=\/wp\/v2\/pages\/52\/revisions"}],"predecessor-version":[{"id":2313,"href":"https:\/\/iafgh.cat\/index.php?rest_route=\/wp\/v2\/pages\/52\/revisions\/2313"}],"wp:attachment":[{"href":"https:\/\/iafgh.cat\/index.php?rest_route=%2Fwp%2Fv2%2Fmedia&parent=52"}],"curies":[{"name":"wp","href":"https:\/\/api.w.org\/{rel}","templated":true}]}}